{"id":264,"date":"2017-05-19T18:25:00","date_gmt":"2017-05-19T18:25:00","guid":{"rendered":"http:\/\/www.latilloleboienne.fr\/wordpress\/?page_id=264"},"modified":"2026-02-26T17:50:33","modified_gmt":"2026-02-26T15:50:33","slug":"les-resultats","status":"publish","type":"page","link":"https:\/\/www.latilloleboienne.fr\/wordpress\/regates\/les-resultats\/","title":{"rendered":"Les R\u00e9sultats"},"content":{"rendered":"\n<p>Voici le classement par ann\u00e9e de toute la flotte de pinasses \u00e0 voile ayant particip\u00e9es au championnat:<\/p>\n\n\n<p>2026 <a href=\"https:\/\/www.latilloleboienne.fr\/wordpress\/wp-content\/uploads\/2025\/09\/Classement_regtates_Definitif_2025_V01.11.pdf\">2025<\/a> <a href=\"https:\/\/www.latilloleboienne.fr\/wordpress\/wp-content\/uploads\/2024\/10\/Classement_regtates_2024_V01-02.pdf\">2024<\/a><\/p>\n<p><a href=\"https:\/\/www.latilloleboienne.fr\/wordpress\/wp-content\/uploads\/2024\/01\/Classement_regtates_2023_V01_04.pdf\" target=\"_blank\" rel=\"noopener\">2023<\/a> <a href=\"https:\/\/www.latilloleboienne.fr\/wordpress\/wp-content\/uploads\/2024\/01\/Classement_regtates_2022_V01_09.pdf\" target=\"_blank\" rel=\"noopener\">2022<\/a> <a href=\"https:\/\/www.latilloleboienne.fr\/wordpress\/wp-content\/uploads\/2022\/05\/ResultatsRegates2021.pdf\" target=\"_blank\" rel=\"noopener\">2021<\/a><\/p>\n<p><a href=\"https:\/\/www.latilloleboienne.fr\/wordpress\/wp-content\/uploads\/2022\/05\/ResultatsRegates2019.pdf\">2019<\/a>\u00a0<a href=\"http:\/\/www.latilloleboienne.fr\/wordpress\/wp-content\/uploads\/2018\/10\/ResultatsRegates2018.pdf\">2018<\/a>\u00a0<a href=\"\/wordpress\/wp-content\/uploads\/2018\/03\/ResultatsRegates2017.pdf\">2017<\/a><\/p>\n<p><a href=\"\/wordpress\/wp-content\/uploads\/2017\/09\/ResultatsRegates2016.pdf\">2016<\/a>\u00a0<a href=\"\/wordpress\/wp-content\/uploads\/2017\/06\/ResultatsRegates2015.pdf\">2015<\/a>\u00a0<a href=\"\/wordpress\/wp-content\/uploads\/2017\/06\/ResultatsRegates2014.pdf\">2014<\/a><\/p>\n<p><a href=\"\/wordpress\/wp-content\/uploads\/2017\/06\/ResultatsRegates2013.pdf\">2013<\/a>\u00a0<a href=\"\/wordpress\/wp-content\/uploads\/2017\/06\/ResultatsRegates2012.pdf\">2012<\/a>\u00a0<a href=\"\/wordpress\/wp-content\/uploads\/2017\/06\/ResultatsRegates2011.pdf\">2011<\/a><\/p>\n<p><a href=\"\/wordpress\/wp-content\/uploads\/2017\/06\/ResultatsRegates2008.pdf\">2008<\/a>\u00a0<a href=\"\/wordpress\/wp-content\/uploads\/2017\/06\/ResultatsRegates2007.pdf\">2007<\/a>\u00a0<a href=\"\/wordpress\/wp-content\/uploads\/2017\/06\/ResultatsRegates2006.pdf\">2006<\/a><\/p>\n\n\n<p>Notes :<\/p>\n\n\n\n<ul class=\"wp-block-list\">\n<li>Les r\u00e9gates des Maires ne sont pas comptabilis\u00e9e dans les r\u00e9sultats de championnat.<\/li>\n\n\n\n<li>Le classement n&rsquo;a pas eu lieu certaines ann\u00e9es pour diff\u00e9rentes raisons telles que la COVID en 2020.<\/li>\n<\/ul>\n\n\n\n<p><\/p>\n","protected":false},"excerpt":{"rendered":"<p>Voici le classement par ann\u00e9e de toute la flotte de pinasses \u00e0 voile ayant particip\u00e9es au championnat: 2026 2025 2024 2023 2022 2021 2019\u00a02018\u00a02017 2016\u00a02015\u00a02014 2013\u00a02012\u00a02011 2008\u00a02007\u00a02006 Notes :<\/p>\n","protected":false},"author":1,"featured_media":269,"parent":144,"menu_order":1,"comment_status":"closed","ping_status":"closed","template":"","meta":{"footnotes":""},"class_list":["post-264","page","type-page","status-publish","has-post-thumbnail","hentry"],"yoast_head":"<!-- This site is optimized with the Yoast SEO plugin v27.4 - https:\/\/yoast.com\/product\/yoast-seo-wordpress\/ -->\n<title>Les R\u00e9sultats - La Tillole Bo\u00efenne<\/title>\n<meta name=\"description\" content=\"Classements par ann\u00e9e de toute la flotte de pinasses \u00e0 voile ayant particip\u00e9es au championnat. Les r\u00e9gates des Maires ne sont pas comptabilis\u00e9e ici.\" \/>\n<meta name=\"robots\" content=\"index, follow, max-snippet:-1, max-image-preview:large, max-video-preview:-1\" \/>\n<link rel=\"canonical\" href=\"https:\/\/www.latilloleboienne.fr\/wordpress\/regates\/les-resultats\/\" \/>\n<meta property=\"og:locale\" content=\"fr_FR\" \/>\n<meta property=\"og:type\" content=\"article\" \/>\n<meta property=\"og:title\" content=\"Les R\u00e9sultats - La Tillole Bo\u00efenne\" \/>\n<meta property=\"og:description\" content=\"Classements par ann\u00e9e de toute la flotte de pinasses \u00e0 voile ayant particip\u00e9es au championnat. Les r\u00e9gates des Maires ne sont pas comptabilis\u00e9e ici.\" \/>\n<meta property=\"og:url\" content=\"https:\/\/www.latilloleboienne.fr\/wordpress\/regates\/les-resultats\/\" \/>\n<meta property=\"og:site_name\" content=\"La Tillole Bo\u00efenne\" \/>\n<meta property=\"article:modified_time\" content=\"2026-02-26T15:50:33+00:00\" \/>\n<meta property=\"og:image\" content=\"https:\/\/www.latilloleboienne.fr\/wordpress\/wp-content\/uploads\/2017\/05\/RegateDeBiganos2015-e1495219044244.jpg\" \/>\n\t<meta property=\"og:image:width\" content=\"1920\" \/>\n\t<meta property=\"og:image:height\" content=\"388\" \/>\n\t<meta property=\"og:image:type\" content=\"image\/jpeg\" \/>\n<meta name=\"twitter:card\" content=\"summary_large_image\" \/>\n<meta name=\"twitter:label1\" content=\"Dur\u00e9e de lecture estim\u00e9e\" \/>\n\t<meta name=\"twitter:data1\" content=\"1 minute\" \/>\n<script type=\"application\/ld+json\" class=\"yoast-schema-graph\">{\"@context\":\"https:\\\/\\\/schema.org\",\"@graph\":[{\"@type\":\"WebPage\",\"@id\":\"https:\\\/\\\/www.latilloleboienne.fr\\\/wordpress\\\/regates\\\/les-resultats\\\/\",\"url\":\"https:\\\/\\\/www.latilloleboienne.fr\\\/wordpress\\\/regates\\\/les-resultats\\\/\",\"name\":\"Les R\u00e9sultats - La Tillole Bo\u00efenne\",\"isPartOf\":{\"@id\":\"https:\\\/\\\/www.latilloleboienne.fr\\\/wordpress\\\/#website\"},\"primaryImageOfPage\":{\"@id\":\"https:\\\/\\\/www.latilloleboienne.fr\\\/wordpress\\\/regates\\\/les-resultats\\\/#primaryimage\"},\"image\":{\"@id\":\"https:\\\/\\\/www.latilloleboienne.fr\\\/wordpress\\\/regates\\\/les-resultats\\\/#primaryimage\"},\"thumbnailUrl\":\"https:\\\/\\\/www.latilloleboienne.fr\\\/wordpress\\\/wp-content\\\/uploads\\\/2017\\\/05\\\/RegateDeBiganos2015-e1495219044244.jpg\",\"datePublished\":\"2017-05-19T18:25:00+00:00\",\"dateModified\":\"2026-02-26T15:50:33+00:00\",\"description\":\"Classements par ann\u00e9e de toute la flotte de pinasses \u00e0 voile ayant particip\u00e9es au championnat. Les r\u00e9gates des Maires ne sont pas comptabilis\u00e9e ici.\",\"breadcrumb\":{\"@id\":\"https:\\\/\\\/www.latilloleboienne.fr\\\/wordpress\\\/regates\\\/les-resultats\\\/#breadcrumb\"},\"inLanguage\":\"fr-FR\",\"potentialAction\":[{\"@type\":\"ReadAction\",\"target\":[\"https:\\\/\\\/www.latilloleboienne.fr\\\/wordpress\\\/regates\\\/les-resultats\\\/\"]}]},{\"@type\":\"ImageObject\",\"inLanguage\":\"fr-FR\",\"@id\":\"https:\\\/\\\/www.latilloleboienne.fr\\\/wordpress\\\/regates\\\/les-resultats\\\/#primaryimage\",\"url\":\"https:\\\/\\\/www.latilloleboienne.fr\\\/wordpress\\\/wp-content\\\/uploads\\\/2017\\\/05\\\/RegateDeBiganos2015-e1495219044244.jpg\",\"contentUrl\":\"https:\\\/\\\/www.latilloleboienne.fr\\\/wordpress\\\/wp-content\\\/uploads\\\/2017\\\/05\\\/RegateDeBiganos2015-e1495219044244.jpg\",\"width\":1920,\"height\":388},{\"@type\":\"BreadcrumbList\",\"@id\":\"https:\\\/\\\/www.latilloleboienne.fr\\\/wordpress\\\/regates\\\/les-resultats\\\/#breadcrumb\",\"itemListElement\":[{\"@type\":\"ListItem\",\"position\":1,\"name\":\"Accueil\",\"item\":\"https:\\\/\\\/www.latilloleboienne.fr\\\/wordpress\\\/\"},{\"@type\":\"ListItem\",\"position\":2,\"name\":\"R\u00e9gates\",\"item\":\"https:\\\/\\\/www.latilloleboienne.fr\\\/wordpress\\\/regates\\\/\"},{\"@type\":\"ListItem\",\"position\":3,\"name\":\"Les R\u00e9sultats\"}]},{\"@type\":\"WebSite\",\"@id\":\"https:\\\/\\\/www.latilloleboienne.fr\\\/wordpress\\\/#website\",\"url\":\"https:\\\/\\\/www.latilloleboienne.fr\\\/wordpress\\\/\",\"name\":\"La Tillole Bo\u00efenne\",\"description\":\"La tradition nautique du Bassin d&#039;Arcachon\",\"publisher\":{\"@id\":\"https:\\\/\\\/www.latilloleboienne.fr\\\/wordpress\\\/#organization\"},\"potentialAction\":[{\"@type\":\"SearchAction\",\"target\":{\"@type\":\"EntryPoint\",\"urlTemplate\":\"https:\\\/\\\/www.latilloleboienne.fr\\\/wordpress\\\/?s={search_term_string}\"},\"query-input\":{\"@type\":\"PropertyValueSpecification\",\"valueRequired\":true,\"valueName\":\"search_term_string\"}}],\"inLanguage\":\"fr-FR\"},{\"@type\":\"Organization\",\"@id\":\"https:\\\/\\\/www.latilloleboienne.fr\\\/wordpress\\\/#organization\",\"name\":\"Association La Tillole Bo\u00efenne\",\"url\":\"https:\\\/\\\/www.latilloleboienne.fr\\\/wordpress\\\/\",\"logo\":{\"@type\":\"ImageObject\",\"inLanguage\":\"fr-FR\",\"@id\":\"https:\\\/\\\/www.latilloleboienne.fr\\\/wordpress\\\/#\\\/schema\\\/logo\\\/image\\\/\",\"url\":\"https:\\\/\\\/www.latilloleboienne.fr\\\/wordpress\\\/wp-content\\\/uploads\\\/2022\\\/05\\\/Logo-Rond-La-Tillole-Boienne.png\",\"contentUrl\":\"https:\\\/\\\/www.latilloleboienne.fr\\\/wordpress\\\/wp-content\\\/uploads\\\/2022\\\/05\\\/Logo-Rond-La-Tillole-Boienne.png\",\"width\":162,\"height\":160,\"caption\":\"Association La Tillole Bo\u00efenne\"},\"image\":{\"@id\":\"https:\\\/\\\/www.latilloleboienne.fr\\\/wordpress\\\/#\\\/schema\\\/logo\\\/image\\\/\"}}]}<\/script>\n<!-- \/ Yoast SEO plugin. -->","yoast_head_json":{"title":"Les R\u00e9sultats - La Tillole Bo\u00efenne","description":"Classements par ann\u00e9e de toute la flotte de pinasses \u00e0 voile ayant particip\u00e9es au championnat. Les r\u00e9gates des Maires ne sont pas comptabilis\u00e9e ici.","robots":{"index":"index","follow":"follow","max-snippet":"max-snippet:-1","max-image-preview":"max-image-preview:large","max-video-preview":"max-video-preview:-1"},"canonical":"https:\/\/www.latilloleboienne.fr\/wordpress\/regates\/les-resultats\/","og_locale":"fr_FR","og_type":"article","og_title":"Les R\u00e9sultats - La Tillole Bo\u00efenne","og_description":"Classements par ann\u00e9e de toute la flotte de pinasses \u00e0 voile ayant particip\u00e9es au championnat. Les r\u00e9gates des Maires ne sont pas comptabilis\u00e9e ici.","og_url":"https:\/\/www.latilloleboienne.fr\/wordpress\/regates\/les-resultats\/","og_site_name":"La Tillole Bo\u00efenne","article_modified_time":"2026-02-26T15:50:33+00:00","og_image":[{"width":1920,"height":388,"url":"https:\/\/www.latilloleboienne.fr\/wordpress\/wp-content\/uploads\/2017\/05\/RegateDeBiganos2015-e1495219044244.jpg","type":"image\/jpeg"}],"twitter_card":"summary_large_image","twitter_misc":{"Dur\u00e9e de lecture estim\u00e9e":"1 minute"},"schema":{"@context":"https:\/\/schema.org","@graph":[{"@type":"WebPage","@id":"https:\/\/www.latilloleboienne.fr\/wordpress\/regates\/les-resultats\/","url":"https:\/\/www.latilloleboienne.fr\/wordpress\/regates\/les-resultats\/","name":"Les R\u00e9sultats - La Tillole Bo\u00efenne","isPartOf":{"@id":"https:\/\/www.latilloleboienne.fr\/wordpress\/#website"},"primaryImageOfPage":{"@id":"https:\/\/www.latilloleboienne.fr\/wordpress\/regates\/les-resultats\/#primaryimage"},"image":{"@id":"https:\/\/www.latilloleboienne.fr\/wordpress\/regates\/les-resultats\/#primaryimage"},"thumbnailUrl":"https:\/\/www.latilloleboienne.fr\/wordpress\/wp-content\/uploads\/2017\/05\/RegateDeBiganos2015-e1495219044244.jpg","datePublished":"2017-05-19T18:25:00+00:00","dateModified":"2026-02-26T15:50:33+00:00","description":"Classements par ann\u00e9e de toute la flotte de pinasses \u00e0 voile ayant particip\u00e9es au championnat. Les r\u00e9gates des Maires ne sont pas comptabilis\u00e9e ici.","breadcrumb":{"@id":"https:\/\/www.latilloleboienne.fr\/wordpress\/regates\/les-resultats\/#breadcrumb"},"inLanguage":"fr-FR","potentialAction":[{"@type":"ReadAction","target":["https:\/\/www.latilloleboienne.fr\/wordpress\/regates\/les-resultats\/"]}]},{"@type":"ImageObject","inLanguage":"fr-FR","@id":"https:\/\/www.latilloleboienne.fr\/wordpress\/regates\/les-resultats\/#primaryimage","url":"https:\/\/www.latilloleboienne.fr\/wordpress\/wp-content\/uploads\/2017\/05\/RegateDeBiganos2015-e1495219044244.jpg","contentUrl":"https:\/\/www.latilloleboienne.fr\/wordpress\/wp-content\/uploads\/2017\/05\/RegateDeBiganos2015-e1495219044244.jpg","width":1920,"height":388},{"@type":"BreadcrumbList","@id":"https:\/\/www.latilloleboienne.fr\/wordpress\/regates\/les-resultats\/#breadcrumb","itemListElement":[{"@type":"ListItem","position":1,"name":"Accueil","item":"https:\/\/www.latilloleboienne.fr\/wordpress\/"},{"@type":"ListItem","position":2,"name":"R\u00e9gates","item":"https:\/\/www.latilloleboienne.fr\/wordpress\/regates\/"},{"@type":"ListItem","position":3,"name":"Les R\u00e9sultats"}]},{"@type":"WebSite","@id":"https:\/\/www.latilloleboienne.fr\/wordpress\/#website","url":"https:\/\/www.latilloleboienne.fr\/wordpress\/","name":"La Tillole Bo\u00efenne","description":"La tradition nautique du Bassin d&#039;Arcachon","publisher":{"@id":"https:\/\/www.latilloleboienne.fr\/wordpress\/#organization"},"potentialAction":[{"@type":"SearchAction","target":{"@type":"EntryPoint","urlTemplate":"https:\/\/www.latilloleboienne.fr\/wordpress\/?s={search_term_string}"},"query-input":{"@type":"PropertyValueSpecification","valueRequired":true,"valueName":"search_term_string"}}],"inLanguage":"fr-FR"},{"@type":"Organization","@id":"https:\/\/www.latilloleboienne.fr\/wordpress\/#organization","name":"Association La Tillole Bo\u00efenne","url":"https:\/\/www.latilloleboienne.fr\/wordpress\/","logo":{"@type":"ImageObject","inLanguage":"fr-FR","@id":"https:\/\/www.latilloleboienne.fr\/wordpress\/#\/schema\/logo\/image\/","url":"https:\/\/www.latilloleboienne.fr\/wordpress\/wp-content\/uploads\/2022\/05\/Logo-Rond-La-Tillole-Boienne.png","contentUrl":"https:\/\/www.latilloleboienne.fr\/wordpress\/wp-content\/uploads\/2022\/05\/Logo-Rond-La-Tillole-Boienne.png","width":162,"height":160,"caption":"Association La Tillole Bo\u00efenne"},"image":{"@id":"https:\/\/www.latilloleboienne.fr\/wordpress\/#\/schema\/logo\/image\/"}}]}},"_links":{"self":[{"href":"https:\/\/www.latilloleboienne.fr\/wordpress\/wp-json\/wp\/v2\/pages\/264","targetHints":{"allow":["GET"]}}],"collection":[{"href":"https:\/\/www.latilloleboienne.fr\/wordpress\/wp-json\/wp\/v2\/pages"}],"about":[{"href":"https:\/\/www.latilloleboienne.fr\/wordpress\/wp-json\/wp\/v2\/types\/page"}],"author":[{"embeddable":true,"href":"https:\/\/www.latilloleboienne.fr\/wordpress\/wp-json\/wp\/v2\/users\/1"}],"replies":[{"embeddable":true,"href":"https:\/\/www.latilloleboienne.fr\/wordpress\/wp-json\/wp\/v2\/comments?post=264"}],"version-history":[{"count":48,"href":"https:\/\/www.latilloleboienne.fr\/wordpress\/wp-json\/wp\/v2\/pages\/264\/revisions"}],"predecessor-version":[{"id":5505,"href":"https:\/\/www.latilloleboienne.fr\/wordpress\/wp-json\/wp\/v2\/pages\/264\/revisions\/5505"}],"up":[{"embeddable":true,"href":"https:\/\/www.latilloleboienne.fr\/wordpress\/wp-json\/wp\/v2\/pages\/144"}],"wp:featuredmedia":[{"embeddable":true,"href":"https:\/\/www.latilloleboienne.fr\/wordpress\/wp-json\/wp\/v2\/media\/269"}],"wp:attachment":[{"href":"https:\/\/www.latilloleboienne.fr\/wordpress\/wp-json\/wp\/v2\/media?parent=264"}],"curies":[{"name":"wp","href":"https:\/\/api.w.org\/{rel}","templated":true}]}}